{"id":461,"date":"2023-09-11T15:19:28","date_gmt":"2023-09-11T15:19:28","guid":{"rendered":"https:\/\/centredepdiatr.wpengine.com\/faire-un-don\/"},"modified":"2023-10-30T17:53:21","modified_gmt":"2023-10-30T17:53:21","slug":"get-involved","status":"publish","type":"page","link":"https:\/\/www.pediatriesocialegatineau.com\/en\/get-involved\/","title":{"rendered":"Get involved"},"content":{"rendered":"<section id=\"page-heading-block_20f189e00175b90c0ee182cc1a433590\" class=\"page-heading alignwide\">\n\n    \n\n<h1 class=\"wp-block-heading\" style=\"font-size:0.8rem;font-style:normal;font-weight:400\">Get involved<\/h1>\n\n\n\n<hr class=\"wp-block-separator has-text-color has-orange-color has-alpha-channel-opacity has-orange-background-color has-background is-style-default\"\/>\n\n\n\n<p style=\"margin-bottom:2rem;font-size:1.5rem;font-style:normal;font-weight:300;line-height:1.5\">A gift to the Centre de p\u00e9diatrie sociale de Gatineau is a significant step in ensuring that every child in our community has the same opportunities. On average, it costs $1500 to provide one year of comprehensive, personalized services for a child. We depend on donations so we can continue to offer direct services to the most vulnerable children and ensure that their rights are respected.<\/p>\n\n\n    <svg xmlns=\"http:\/\/www.w3.org\/2000\/svg\" height=\"1em\" fill=\"#fff\" viewBox=\"0 0 384 512\"><!--! Font Awesome Pro 6.4.2 by @fontawesome - https:\/\/fontawesome.com License - https:\/\/fontawesome.com\/license (Commercial License) Copyright 2023 Fonticons, Inc. -->\n        <path d=\"M174.6 472.6c4.5 4.7 10.8 7.4 17.4 7.4s12.8-2.7 17.4-7.4l168-176c9.2-9.6 8.8-24.8-.8-33.9s-24.8-8.8-33.9 .8L216 396.1 216 56c0-13.3-10.7-24-24-24s-24 10.7-24 24l0 340.1L41.4 263.4c-9.2-9.6-24.3-9.9-33.9-.8s-9.9 24.3-.8 33.9l168 176z\" \/>\n    <\/svg>\n\n<\/section>\n\n\n<div style=\"height:4.5em\" aria-hidden=\"true\" class=\"wp-block-spacer\"><\/div>\n\n\n\n<div class=\"wp-block-columns alignwide m-wrap2 image-first is-layout-flex wp-container-core-columns-is-layout-722e652e wp-block-columns-is-layout-flex\" style=\"margin-bottom:0px\">\n<div class=\"wp-block-column is-vertically-aligned-bottom is-layout-flow wp-block-column-is-layout-flow\" style=\"flex-basis:49.418%\">\n<div class=\"wp-block-group is-layout-constrained wp-block-group-is-layout-constrained\">\n<figure class=\"wp-block-image alignfull size-large has-custom-border\"><img decoding=\"async\" width=\"1024\" height=\"574\" data-src=\"https:\/\/www.pediatriesocialegatineau.com\/wp-content\/uploads\/2023\/10\/portrait-children-smile-summer-holiday-weekend-playing-together-friends-view-1024x574.jpg\" alt=\"\" class=\"wp-image-769 lazyload\" style=\"--smush-placeholder-width: 1024px; --smush-placeholder-aspect-ratio: 1024\/574;border-top-left-radius:50em;border-top-right-radius:50em\" data-srcset=\"https:\/\/www.pediatriesocialegatineau.com\/wp-content\/uploads\/2023\/10\/portrait-children-smile-summer-holiday-weekend-playing-together-friends-view-1024x574.jpg 1024w, https:\/\/www.pediatriesocialegatineau.com\/wp-content\/uploads\/2023\/10\/portrait-children-smile-summer-holiday-weekend-playing-together-friends-view-300x168.jpg 300w, https:\/\/www.pediatriesocialegatineau.com\/wp-content\/uploads\/2023\/10\/portrait-children-smile-summer-holiday-weekend-playing-together-friends-view-768x430.jpg 768w, https:\/\/www.pediatriesocialegatineau.com\/wp-content\/uploads\/2023\/10\/portrait-children-smile-summer-holiday-weekend-playing-together-friends-view-1536x861.jpg 1536w, https:\/\/www.pediatriesocialegatineau.com\/wp-content\/uploads\/2023\/10\/portrait-children-smile-summer-holiday-weekend-playing-together-friends-view-2048x1148.jpg 2048w, https:\/\/www.pediatriesocialegatineau.com\/wp-content\/uploads\/2023\/10\/portrait-children-smile-summer-holiday-weekend-playing-together-friends-view-scaled.jpg 1920w\" data-sizes=\"(max-width: 1024px) 100vw, 1024px\" src=\"data:image\/svg+xml;base64,PHN2ZyB3aWR0aD0iMSIgaGVpZ2h0PSIxIiB4bWxucz0iaHR0cDovL3d3dy53My5vcmcvMjAwMC9zdmciPjwvc3ZnPg==\" \/><\/figure>\n<\/div>\n<\/div>\n\n\n\n<div class=\"wp-block-column has-orange-color has-text-color is-layout-flow wp-block-column-is-layout-flow\" style=\"border-top-width:3px;flex-basis:49.418%\">\n<div style=\"height:4em\" aria-hidden=\"true\" class=\"wp-block-spacer\"><\/div>\n\n\n\n<p class=\"has-white-color has-text-color has-cpsg-lexend-deca-font-family\" style=\"font-size:0.9em;font-style:normal;font-weight:300;line-height:1.4\">&#8220;I am touched on a daily basis by the success and development achieved by the children who frequent our two homes. Donations provide kids with the support and resources they need so they can dream big, while opening wide the doors for the next generation.&#8221;<\/p>\n\n\n\n<div style=\"height:1em\" aria-hidden=\"true\" class=\"wp-block-spacer\"><\/div>\n\n\n\n<p class=\"has-turquoise-color has-text-color has-cpsg-comfortaa-font-family\" style=\"font-size:1.5em;font-style:normal;font-weight:700;line-height:1.3\">Caroline Masse,<br>Executive director<\/p>\n<\/div>\n<\/div>\n\n\n<section id=\"negative-margin-container-block_f0cc25ac1777d885a5b18ba33cc7b1fd\" class=\"negative-margin-container alignfull\" style=\"margin-top: -em; margin-bottom: -em\">\n\n    \n\n<div class=\"wp-block-group has-orange-background-color has-background is-layout-constrained wp-block-group-is-layout-constrained\">\n<div style=\"height:4.5em\" aria-hidden=\"true\" class=\"wp-block-spacer\"><\/div>\n\n\n\n    <div class=\"wp-block-columns alignwide m-wrap is-layout-flex wp-block-columns-is-layout-flex don-btn-grid\">\n\n        \n            <div class=\"wp-block-column is-layout-flow wp-block-column-is-layout-flow\">\n                <div class=\"wp-block-buttons is-content-justification-center is-layout-flex wp-container-12 wp-block-buttons-is-layout-flex\">\n                    <div class=\"wp-block-button\">\n                        <a class=\"wp-block-button__link has-pinkish-orange-background-color has-background wp-element-button\" data-frame=\"frame0\">\n                            Monthly Gift                        <\/a>\n                    <\/div>\n                <\/div>\n                <div style=\"height:2em\" aria-hidden=\"true\" class=\"wp-block-spacer\"><\/div>\n                <p class=\"has-text-align-center has-cpsg-lexend-deca-font-family\" style=\"font-style:normal;font-weight:300;line-height:1.3\">\n                    By making a monthly gift, you can make a meaningful commitment to transform lives.                <\/p>\n            <\/div>\n\n        \n            <div class=\"wp-block-column is-layout-flow wp-block-column-is-layout-flow\">\n                <div class=\"wp-block-buttons is-content-justification-center is-layout-flex wp-container-12 wp-block-buttons-is-layout-flex\">\n                    <div class=\"wp-block-button\">\n                        <a class=\"wp-block-button__link has-pinkish-orange-background-color has-background wp-element-button\" data-frame=\"frame1\">\n                            One time gift                        <\/a>\n                    <\/div>\n                <\/div>\n                <div style=\"height:2em\" aria-hidden=\"true\" class=\"wp-block-spacer\"><\/div>\n                <p class=\"has-text-align-center has-cpsg-lexend-deca-font-family\" style=\"font-style:normal;font-weight:300;line-height:1.3\">\n                    Donations are essential to us. It allows us to continue to provide children with the care and services they deserve. Every dollar counts!                <\/p>\n            <\/div>\n\n        \n            <div class=\"wp-block-column is-layout-flow wp-block-column-is-layout-flow\">\n                <div class=\"wp-block-buttons is-content-justification-center is-layout-flex wp-container-12 wp-block-buttons-is-layout-flex\">\n                    <div class=\"wp-block-button\">\n                        <a class=\"wp-block-button__link has-pinkish-orange-background-color has-background wp-element-button\" data-frame=\"frame2\">\n                            A gift in memory or honor                        <\/a>\n                    <\/div>\n                <\/div>\n                <div style=\"height:2em\" aria-hidden=\"true\" class=\"wp-block-spacer\"><\/div>\n                <p class=\"has-text-align-center has-cpsg-lexend-deca-font-family\" style=\"font-style:normal;font-weight:300;line-height:1.3\">\n                    Make a gift in memory or in honor of someone special.                <\/p>\n            <\/div>\n\n        \n    <\/div>\n    <div style=\"height:4.5em\" aria-hidden=\"true\" class=\"wp-block-spacer\"><\/div>\n\n    <div class=\"iframes\">\n                \n\n            <div id=\"frame0\">\n                <div style=\"position:relative;overflow:hidden;width:100%;height: 100%;\"><iframe title='Donation form powered by Zeffy' style='position: absolute; border: 0; top:0;left:0;bottom:0;right:0;width:100%;height:100%' data-src='https:\/\/www.zeffy.com\/fr-CA\/embed\/donation-form\/eceb89ea-aad6-4396-89f6-28411af19614' allowpaymentrequest allowTransparency=\"true\" src=\"data:image\/svg+xml;base64,PHN2ZyB3aWR0aD0iMSIgaGVpZ2h0PSIxIiB4bWxucz0iaHR0cDovL3d3dy53My5vcmcvMjAwMC9zdmciPjwvc3ZnPg==\" class=\"lazyload\" data-load-mode=\"1\"><\/iframe><\/div>            <\/div>\n        \n\n            <div id=\"frame1\">\n                <div style=\"position:relative;overflow:hidden;width:100%;height: 100%;\"><iframe title='Donation form powered by Zeffy' style='position: absolute; border: 0; top:0;left:0;bottom:0;right:0;width:100%;height:100%' data-src='https:\/\/www.zeffy.com\/fr-CA\/embed\/donation-form\/eceb89ea-aad6-4396-89f6-28411af19614' allowpaymentrequest allowTransparency=\"true\" src=\"data:image\/svg+xml;base64,PHN2ZyB3aWR0aD0iMSIgaGVpZ2h0PSIxIiB4bWxucz0iaHR0cDovL3d3dy53My5vcmcvMjAwMC9zdmciPjwvc3ZnPg==\" class=\"lazyload\" data-load-mode=\"1\"><\/iframe><\/div>            <\/div>\n        \n\n            <div id=\"frame2\">\n                <div style=\"position:relative;overflow:hidden;width:100%;height: 100%;\"><iframe title='Donation form powered by Zeffy' style='position: absolute; border: 0; top:0;left:0;bottom:0;right:0;width:100%;height:100%' data-src='https:\/\/www.zeffy.com\/fr-CA\/embed\/donation-form\/eceb89ea-aad6-4396-89f6-28411af19614' allowpaymentrequest allowTransparency=\"true\" src=\"data:image\/svg+xml;base64,PHN2ZyB3aWR0aD0iMSIgaGVpZ2h0PSIxIiB4bWxucz0iaHR0cDovL3d3dy53My5vcmcvMjAwMC9zdmciPjwvc3ZnPg==\" class=\"lazyload\" data-load-mode=\"1\"><\/iframe><\/div>            <\/div>\n        \n    <\/div>\n\n<\/div>\n\n\n\n<\/section>\n\n\n<div class=\"wp-block-columns alignfull cutom-cols is-layout-flex wp-container-core-columns-is-layout-28f84493 wp-block-columns-is-layout-flex\">\n<div class=\"wp-block-column is-layout-flow wp-block-column-is-layout-flow\" style=\"flex-basis:57.7%\">\n<div class=\"wp-block-group is-layout-constrained wp-block-group-is-layout-constrained\">\n<div style=\"height:6.5em\" aria-hidden=\"true\" class=\"wp-block-spacer\"><\/div>\n\n\n\n<h2 class=\"wp-block-heading has-pinkish-orange-color has-text-color\">Create your own fundraising campaign or event.<\/h2>\n\n\n\n<p>Want to create your own fundraising campaign or event to support our mission? You can do this easily by creating your own fundraising campaign. Get in touch with us and tell us about your fundraising idea!<\/p>\n\n\n\n<div style=\"height:40px\" aria-hidden=\"true\" class=\"wp-block-spacer\"><\/div>\n\n\n\n<p><strong>Contact:<\/strong> Mich\u00e8le Thibault, Senior Director of philanthropy, mobilization, and communications<br><a href=\"mailto:michele.thibault@pediatriesocialegatineau.com\">michele.thibault@pediatriesocialegatineau.com<\/a> \/ 819- 600-1661&nbsp;<\/p>\n\n\n\n<div style=\"height:6.5em\" aria-hidden=\"true\" class=\"wp-block-spacer\"><\/div>\n<\/div>\n<\/div>\n\n\n\n<div class=\"wp-block-column is-layout-flow wp-block-column-is-layout-flow\" style=\"flex-basis:42.3%\">\n<figure class=\"wp-block-image size-large\"><img decoding=\"async\" width=\"1024\" height=\"683\" data-src=\"https:\/\/www.pediatriesocialegatineau.com\/wp-content\/uploads\/2023\/10\/portrait-of-excited-children-at-summer-garden-fete-2021-08-26-16-13-18-utc-1024x683.jpg\" alt=\"\" class=\"wp-image-816 lazyload\" data-srcset=\"https:\/\/www.pediatriesocialegatineau.com\/wp-content\/uploads\/2023\/10\/portrait-of-excited-children-at-summer-garden-fete-2021-08-26-16-13-18-utc-1024x683.jpg 1024w, https:\/\/www.pediatriesocialegatineau.com\/wp-content\/uploads\/2023\/10\/portrait-of-excited-children-at-summer-garden-fete-2021-08-26-16-13-18-utc-300x200.jpg 300w, https:\/\/www.pediatriesocialegatineau.com\/wp-content\/uploads\/2023\/10\/portrait-of-excited-children-at-summer-garden-fete-2021-08-26-16-13-18-utc-768x512.jpg 768w, https:\/\/www.pediatriesocialegatineau.com\/wp-content\/uploads\/2023\/10\/portrait-of-excited-children-at-summer-garden-fete-2021-08-26-16-13-18-utc-1536x1024.jpg 1536w, https:\/\/www.pediatriesocialegatineau.com\/wp-content\/uploads\/2023\/10\/portrait-of-excited-children-at-summer-garden-fete-2021-08-26-16-13-18-utc-2048x1365.jpg 2048w, https:\/\/www.pediatriesocialegatineau.com\/wp-content\/uploads\/2023\/10\/portrait-of-excited-children-at-summer-garden-fete-2021-08-26-16-13-18-utc-600x400.jpg 600w, https:\/\/www.pediatriesocialegatineau.com\/wp-content\/uploads\/2023\/10\/portrait-of-excited-children-at-summer-garden-fete-2021-08-26-16-13-18-utc-scaled.jpg 1920w\" data-sizes=\"(max-width: 1024px) 100vw, 1024px\" src=\"data:image\/svg+xml;base64,PHN2ZyB3aWR0aD0iMSIgaGVpZ2h0PSIxIiB4bWxucz0iaHR0cDovL3d3dy53My5vcmcvMjAwMC9zdmciPjwvc3ZnPg==\" style=\"--smush-placeholder-width: 1024px; --smush-placeholder-aspect-ratio: 1024\/683;\" \/><\/figure>\n<\/div>\n<\/div>\n\n\n\n<div class=\"wp-block-columns alignfull cutom-cols has-orange-background-color has-background is-layout-flex wp-container-core-columns-is-layout-28f84493 wp-block-columns-is-layout-flex\">\n<div class=\"wp-block-column is-layout-flow wp-block-column-is-layout-flow\" style=\"flex-basis:42.3%\">\n<figure class=\"wp-block-image size-large\"><img decoding=\"async\" width=\"1024\" height=\"683\" data-src=\"https:\/\/www.pediatriesocialegatineau.com\/wp-content\/uploads\/2023\/10\/happy-young-asian-student-in-classroom-2021-08-26-18-19-29-utc-1024x683.jpg\" alt=\"\" class=\"wp-image-796 lazyload\" data-srcset=\"https:\/\/www.pediatriesocialegatineau.com\/wp-content\/uploads\/2023\/10\/happy-young-asian-student-in-classroom-2021-08-26-18-19-29-utc-1024x683.jpg 1024w, https:\/\/www.pediatriesocialegatineau.com\/wp-content\/uploads\/2023\/10\/happy-young-asian-student-in-classroom-2021-08-26-18-19-29-utc-300x200.jpg 300w, https:\/\/www.pediatriesocialegatineau.com\/wp-content\/uploads\/2023\/10\/happy-young-asian-student-in-classroom-2021-08-26-18-19-29-utc-768x512.jpg 768w, https:\/\/www.pediatriesocialegatineau.com\/wp-content\/uploads\/2023\/10\/happy-young-asian-student-in-classroom-2021-08-26-18-19-29-utc-1536x1024.jpg 1536w, https:\/\/www.pediatriesocialegatineau.com\/wp-content\/uploads\/2023\/10\/happy-young-asian-student-in-classroom-2021-08-26-18-19-29-utc-2048x1365.jpg 2048w, https:\/\/www.pediatriesocialegatineau.com\/wp-content\/uploads\/2023\/10\/happy-young-asian-student-in-classroom-2021-08-26-18-19-29-utc-600x400.jpg 600w, https:\/\/www.pediatriesocialegatineau.com\/wp-content\/uploads\/2023\/10\/happy-young-asian-student-in-classroom-2021-08-26-18-19-29-utc-scaled.jpg 1620w\" data-sizes=\"(max-width: 1024px) 100vw, 1024px\" src=\"data:image\/svg+xml;base64,PHN2ZyB3aWR0aD0iMSIgaGVpZ2h0PSIxIiB4bWxucz0iaHR0cDovL3d3dy53My5vcmcvMjAwMC9zdmciPjwvc3ZnPg==\" style=\"--smush-placeholder-width: 1024px; --smush-placeholder-aspect-ratio: 1024\/683;\" \/><\/figure>\n<\/div>\n\n\n\n<div class=\"wp-block-column is-layout-flow wp-block-column-is-layout-flow\" style=\"flex-basis:57.7%\">\n<div class=\"wp-block-group is-layout-constrained wp-block-group-is-layout-constrained\">\n<div style=\"height:6.5em\" aria-hidden=\"true\" class=\"wp-block-spacer\"><\/div>\n\n\n\n<h2 class=\"wp-block-heading has-white-color has-text-color\">Young leaders in fundraising<\/h2>\n\n\n\n<p>Are you a student or young professional looking to make your mark in our community?<\/p>\n\n\n\n<p>What better way than running your own fundraising event in support of the Centre de p\u00e9diatrie sociale de Gatineau. Planning and hosting your own fundraising event will give you the opportunity to develop skills and expand your resume in the following areas:<\/p>\n\n\n\n<div class=\"wp-block-columns blockOnMobile is-layout-flex wp-container-core-columns-is-layout-28f84493 wp-block-columns-is-layout-flex\">\n<div class=\"wp-block-column is-layout-flow wp-block-column-is-layout-flow\">\n<ul class=\"wp-block-list\">\n<li>Marketing<\/li>\n\n\n\n<li>Networking<\/li>\n\n\n\n<li>Project management<\/li>\n\n\n\n<li>Team work<\/li>\n<\/ul>\n<\/div>\n\n\n\n<div class=\"wp-block-column is-layout-flow wp-block-column-is-layout-flow\">\n<ul class=\"wp-block-list\">\n<li>Organization<\/li>\n\n\n\n<li>Time management<\/li>\n\n\n\n<li>Leadership<\/li>\n<\/ul>\n<\/div>\n<\/div>\n\n\n\n<p>Best of all, your efforts will directly benefit the care and services offered to children at the Centre de p\u00e9diatrie sociale de Gatineau.<\/p>\n\n\n\n<div style=\"height:40px\" aria-hidden=\"true\" class=\"wp-block-spacer mobileHide\"><\/div>\n\n\n\n<p><strong>Contact:<\/strong> Mich\u00e8le Thibault, Senior Director of philanthropy, mobilization, and communications.<br><a href=\"mailto:michele.thibault@pediatriesocialegatineau.com\">michele.thibault@pediatriesocialegatineau.com<\/a> \/ 819- 600-1661 &nbsp;<\/p>\n\n\n\n<div style=\"height:6.5em\" aria-hidden=\"true\" class=\"wp-block-spacer\"><\/div>\n<\/div>\n<\/div>\n<\/div>\n\n\n\n<div class=\"wp-block-group alignfull has-white-background-color has-background is-layout-constrained wp-block-group-is-layout-constrained\">\n<div style=\"height:6rem\" aria-hidden=\"true\" class=\"wp-block-spacer\"><\/div>\n\n\n\n<h2 class=\"wp-block-heading has-pinkish-orange-color has-text-color\">Legacy gift, stock or insurance policy donations<\/h2>\n\n\n\n<p class=\"has-purply-blue-color has-text-color\">A legacy gift, stocks, or insurance policy donation to the Centre de p\u00e9diatrie sociale de Gatineau is an extraordinary commitment to shape the future of our children. It\u2019s a gift that will impact every facet of care. Seek the advice of a professional advisor to determine the best option for you.&nbsp;<\/p>\n\n\n\n<p class=\"has-purply-blue-color has-text-color\">For Professional Advisors: To make your client\u2019s experience as simple as possible, here is some information you might need to help them with their gift to Centre de p\u00e9diatrie sociale de Gatineau.<\/p>\n\n\n\n<p class=\"has-purply-blue-color has-text-color\">Legal Name : Centre de p\u00e9diatrie sociale de Gatineau<br>Charitable organization : # 803007624 RR 0001<br>Address : Centre de p\u00e9diatrie sociale de Gatineau, 39 rue Frontenac, Gatineau (Qu\u00e9bec) J8Y 1Y9&nbsp;<br><\/p>\n\n\n\n<p class=\"has-rose-color has-text-color has-link-color wp-elements-9e63cde35d0c2144e5bc7cd18da3ca8d\"><strong>Contact:<\/strong> Mich\u00e8le Thibault, Senior director of philanthropy, engagement, and communications<br><strong><a href=\"mailto:michele.thibault@pediatriesocialegatineau.com\"><mark style=\"background-color:rgba(0, 0, 0, 0)\" class=\"has-inline-color has-rose-color\">michele.thibault@pediatriesocialegatineau.com<\/mark><\/a><\/strong> \/ <a href=\"tel:819- 600-1661\">819- 600-1661<\/a><\/p>\n\n\n\n<div style=\"height:6rem\" aria-hidden=\"true\" class=\"wp-block-spacer\"><\/div>\n<\/div>\n\n\n\n<div style=\"height:5em\" aria-hidden=\"true\" class=\"wp-block-spacer\"><\/div>\n\n\n\n<div class=\"wp-block-columns alignwide services-columns wider is-layout-flex wp-container-core-columns-is-layout-28f84493 wp-block-columns-is-layout-flex\">\n<div class=\"wp-block-column is-layout-flow wp-block-column-is-layout-flow\"><section id=\"negative-margin-container-block_aeab637d9fb9e912c03fa8b4ec9132b2\" class=\"negative-margin-container alignfull\" style=\"margin-top: -em; margin-bottom: -23em\">\n\n    \n<section id=\"svg-shaped-img-block_43cea50675aa57f9ada9f8c49cdba673\" class=\"svg-shaped-img\" data-img=\"https:\/\/www.pediatriesocialegatineau.com\/wp-content\/uploads\/2023\/10\/diverse-people-hands-together-partnership-2022-04-05-07-12-48-utc-scaled.jpg\">\n\n    <div class=\"blob\"><svg xmlns=\"http:\/\/www.w3.org\/2000\/svg\" id=\"Layer_2\" viewBox=\"0 0 247.27 224.98\"><defs><style>.cls-1{fill:#ed1e79;}<\/style><\/defs><g id=\"Layer_1-2\"><path class=\"cls-1\" d=\"m206.81,162.33c-3.19,4.28-6.6,8.41-10.16,12.42-4.37-4.9-9.1-9.94-14.22-15.15-5.24-5.33-10.9-10.86-17-16.5-36.91-34.27-76.23-57.45-111.46-12.25-14.79,18.95-21.66,45.89-22.34,73.27-1.01-.77-2.02-1.58-2.98-2.38v-.02c-10.11-8.5-18.13-18.73-23.68-29.49-.07-.17-.17-.31-.24-.46v-.02s-.05-.1-.07-.14c-1.01-1.99-1.95-4.04-2.79-6.08-.14-.36-.29-.72-.43-1.08-.12-.31-.24-.62-.34-.94-.26-.74-.46-1.51-.63-2.28-.09-.43-.17-.84-.24-1.27-.02-.22-.05-.46-.07-.67-.07-.58-.12-1.13-.14-1.71-.14-3.63.51-7.54,1.85-11.67,2.04-6.22,5.64-12.97,10.5-20.01.96-1.39,1.97-2.81,3.03-4.23,4.78-6.46,10.52-13.09,16.88-19.79,1.42-1.49,2.86-2.98,4.35-4.47l2.26-2.26c1.9-1.87,3.84-3.75,5.84-5.6,1.18-1.13,2.35-2.23,3.55-3.34,1.22-1.13,2.47-2.26,3.72-3.39,5.33-4.8,10.88-9.53,16.52-14.17,1.75-1.44,3.51-2.86,5.28-4.27,3.53-2.83,7.11-5.6,10.69-8.31,1.78-1.37,3.58-2.71,5.38-4.04,12.54-9.27,25.05-17.75,36.55-24.81,7.13-4.42,13.88-8.28,19.98-11.43,73.42-38.11,96.4.62,100.41,33.45,3.29,26.85-10.95,74.45-40.01,113.07v.02Zm-10.15,12.41c-4.36-4.9-9.09-9.95-14.21-15.16-5.23-5.33-10.91-10.84-17-16.49-36.91-34.26-76.22-57.44-111.47-12.25-14.79,18.96-21.66,45.91-22.33,73.29,26.59,20.69,66.48,29.91,113.7,9.13,19.81-8.72,37-22.42,51.3-38.52h.01Z\"\/><\/g><\/svg><\/div>\n\n<\/section>\n\n\n\n<\/section><\/div>\n\n\n\n<div class=\"wp-block-column text-column is-layout-flow wp-block-column-is-layout-flow\">\n<h2 class=\"wp-block-heading has-orange-color has-text-color\">Corporate partnerships<\/h2>\n\n\n\n<p class=\"has-white-color has-text-color\" style=\"padding-left:0px\">The Centre de p\u00e9diatrie sociale de Gatineau works with partners who are committed to making a difference in the lives of children.&nbsp; There are many corporate partnership options that you can choose from:<\/p>\n\n\n\n<p class=\"has-white-color has-text-color\" style=\"padding-left:0px\">Here is some exemples<\/p>\n\n\n\n<ul class=\"yellow-dots wp-block-list\" style=\"padding-left:0px\">\n<li>Corporate fundraising campaigns<\/li>\n\n\n\n<li>Payroll deduction and donation match giving<\/li>\n\n\n\n<li>Beneficiary organization of one of your corporate events<\/li>\n\n\n\n<li>Marketing base giving program<\/li>\n<\/ul>\n\n\n\n<p><strong>Contact:<\/strong> Mich\u00e8le Thibault, Senior director of philanthropy, engagement, and communications<br><a href=\"mailto:michele.thibault@pediatriesocialegatineau.com\">michele.thibault@pediatriesocialegatineau.com<\/a> \/ 819- 600-1661<\/p>\n<\/div>\n<\/div>\n\n\n\n<div class=\"wp-block-group alignfull has-white-background-color has-background is-layout-constrained wp-block-group-is-layout-constrained\">\n<div style=\"height:5em\" aria-hidden=\"true\" class=\"wp-block-spacer\"><\/div>\n\n\n\n<div class=\"wp-block-columns is-layout-flex wp-container-core-columns-is-layout-28f84493 wp-block-columns-is-layout-flex\">\n<div class=\"wp-block-column hide-mobile is-layout-flow wp-block-column-is-layout-flow\" style=\"flex-basis:66.66%\"><\/div>\n\n\n\n<div class=\"wp-block-column is-layout-flow wp-block-column-is-layout-flow\" style=\"flex-basis:40%\">\n<h2 class=\"wp-block-heading has-pinkish-orange-color has-text-color\">Online store<\/h2>\n\n\n\n<p class=\"has-text-color\" style=\"color:#3b3f5a\">Coming soon!<\/p>\n<\/div>\n<\/div>\n\n\n\n<div style=\"height:5em\" aria-hidden=\"true\" class=\"wp-block-spacer\"><\/div>\n\n\n\n<div class=\"wp-block-group alignwide has-pinkish-orange-color has-text-color is-layout-constrained wp-block-group-is-layout-constrained\" style=\"border-top-width:2px\">\n<div style=\"height:3.5em\" aria-hidden=\"true\" class=\"wp-block-spacer\"><\/div>\n\n\n\n<p class=\"has-text-align-center has-text-color\" style=\"color:#3b3f5a\">*NOTE: The Centre de p\u00e9diatrie sociale de Gatineau uses the secure platform Zeffy. Unlike other online donation platforms, Zeffy allows 100% of the profits to be donated to the organization, with no transaction fees. In return, the Zeffy platform offers you the option of making a voluntary, non-obligatory contribution to maintain its services.&nbsp; If you do not wish to make a voluntary contribution, please choose \u201cOther\u201d in the drop-down menu of the &#8220;Confirm your donation&#8221; section, then enter $0.<\/p>\n\n\n\n<div style=\"height:5rem\" aria-hidden=\"true\" class=\"wp-block-spacer\"><\/div>\n\n\n\n<div class=\"wp-block-buttons is-layout-flex wp-block-buttons-is-layout-flex\">\n<div class=\"wp-block-button is-style-long-arrow\"><a class=\"wp-block-button__link has-turquoise-background-color has-background wp-element-button\" href=\"https:\/\/www.pediatriesocialegatineau.com\/wp-content\/uploads\/2023\/10\/DonorBillofRights.pdf\">Consult the Donors&#8217; Charter<\/a><\/div>\n<\/div>\n\n\n\n<div style=\"height:5rem\" aria-hidden=\"true\" class=\"wp-block-spacer\"><\/div>\n<\/div>\n<\/div>\n","protected":false},"excerpt":{"rendered":"<p>&#8220;I am touched on a daily basis by the success and development achieved by the children who frequent our two homes. Donations provide kids with the support and resources they need so they can dream big, while opening wide the doors for the next generation.&#8221; Caroline Masse,Executive director Create your own fundraising campaign or event. [&hellip;]<\/p>\n","protected":false},"author":6,"featured_media":0,"parent":0,"menu_order":0,"comment_status":"closed","ping_status":"closed","template":"","meta":{"_acf_changed":false,"inline_featured_image":false,"footnotes":""},"class_list":["post-461","page","type-page","status-publish","hentry"],"acf":[],"yoast_head":"<!-- This site is optimized with the Yoast SEO plugin v25.5 - https:\/\/yoast.com\/wordpress\/plugins\/seo\/ -->\n<title>Get involved | Centre de p\u00e9diatrie sociale de Gatineau<\/title>\n<meta name=\"robots\" content=\"index, follow, max-snippet:-1, max-image-preview:large, max-video-preview:-1\" \/>\n<link rel=\"canonical\" href=\"https:\/\/www.pediatriesocialegatineau.com\/en\/get-involved\/\" \/>\n<meta property=\"og:locale\" content=\"en_US\" \/>\n<meta property=\"og:type\" content=\"article\" \/>\n<meta property=\"og:title\" content=\"Get involved | Centre de p\u00e9diatrie sociale de Gatineau\" \/>\n<meta property=\"og:description\" content=\"&#8220;I am touched on a daily basis by the success and development achieved by the children who frequent our two homes. Donations provide kids with the support and resources they need so they can dream big, while opening wide the doors for the next generation.&#8221; Caroline Masse,Executive director Create your own fundraising campaign or event. [&hellip;]\" \/>\n<meta property=\"og:url\" content=\"https:\/\/www.pediatriesocialegatineau.com\/en\/get-involved\/\" \/>\n<meta property=\"og:site_name\" content=\"Centre de p\u00e9diatrie sociale de Gatineau\" \/>\n<meta property=\"article:publisher\" content=\"https:\/\/www.facebook.com\/cpsgat\/\" \/>\n<meta property=\"article:modified_time\" content=\"2023-10-30T17:53:21+00:00\" \/>\n<meta property=\"og:image\" content=\"https:\/\/www.pediatriesocialegatineau.com\/wp-content\/uploads\/2023\/10\/portrait-children-smile-summer-holiday-weekend-playing-together-friends-view-1024x574.jpg\" \/>\n<meta name=\"twitter:card\" content=\"summary_large_image\" \/>\n<meta name=\"twitter:label1\" content=\"Est. reading time\" \/>\n\t<meta name=\"twitter:data1\" content=\"4 minutes\" \/>\n<script type=\"application\/ld+json\" class=\"yoast-schema-graph\">{\"@context\":\"https:\/\/schema.org\",\"@graph\":[{\"@type\":\"WebPage\",\"@id\":\"https:\/\/www.pediatriesocialegatineau.com\/en\/get-involved\/\",\"url\":\"https:\/\/www.pediatriesocialegatineau.com\/en\/get-involved\/\",\"name\":\"Get involved | Centre de p\u00e9diatrie sociale de Gatineau\",\"isPartOf\":{\"@id\":\"https:\/\/www.pediatriesocialegatineau.com\/en\/#website\"},\"primaryImageOfPage\":{\"@id\":\"https:\/\/www.pediatriesocialegatineau.com\/en\/get-involved\/#primaryimage\"},\"image\":{\"@id\":\"https:\/\/www.pediatriesocialegatineau.com\/en\/get-involved\/#primaryimage\"},\"thumbnailUrl\":\"https:\/\/www.pediatriesocialegatineau.com\/wp-content\/uploads\/2023\/10\/portrait-children-smile-summer-holiday-weekend-playing-together-friends-view-1024x574.jpg\",\"datePublished\":\"2023-09-11T15:19:28+00:00\",\"dateModified\":\"2023-10-30T17:53:21+00:00\",\"breadcrumb\":{\"@id\":\"https:\/\/www.pediatriesocialegatineau.com\/en\/get-involved\/#breadcrumb\"},\"inLanguage\":\"en-US\",\"potentialAction\":[{\"@type\":\"ReadAction\",\"target\":[\"https:\/\/www.pediatriesocialegatineau.com\/en\/get-involved\/\"]}]},{\"@type\":\"ImageObject\",\"inLanguage\":\"en-US\",\"@id\":\"https:\/\/www.pediatriesocialegatineau.com\/en\/get-involved\/#primaryimage\",\"url\":\"https:\/\/www.pediatriesocialegatineau.com\/wp-content\/uploads\/2023\/10\/portrait-children-smile-summer-holiday-weekend-playing-together-friends-view-1024x574.jpg\",\"contentUrl\":\"https:\/\/www.pediatriesocialegatineau.com\/wp-content\/uploads\/2023\/10\/portrait-children-smile-summer-holiday-weekend-playing-together-friends-view-1024x574.jpg\"},{\"@type\":\"BreadcrumbList\",\"@id\":\"https:\/\/www.pediatriesocialegatineau.com\/en\/get-involved\/#breadcrumb\",\"itemListElement\":[{\"@type\":\"ListItem\",\"position\":1,\"name\":\"Home\",\"item\":\"https:\/\/www.pediatriesocialegatineau.com\/en\/homepage\/\"},{\"@type\":\"ListItem\",\"position\":2,\"name\":\"Get involved\"}]},{\"@type\":\"WebSite\",\"@id\":\"https:\/\/www.pediatriesocialegatineau.com\/en\/#website\",\"url\":\"https:\/\/www.pediatriesocialegatineau.com\/en\/\",\"name\":\"Centre de P\u00e9diatrie Sociale de Gatineau | CPSG\",\"description\":\"\",\"publisher\":{\"@id\":\"https:\/\/www.pediatriesocialegatineau.com\/en\/#organization\"},\"potentialAction\":[{\"@type\":\"SearchAction\",\"target\":{\"@type\":\"EntryPoint\",\"urlTemplate\":\"https:\/\/www.pediatriesocialegatineau.com\/en\/?s={search_term_string}\"},\"query-input\":{\"@type\":\"PropertyValueSpecification\",\"valueRequired\":true,\"valueName\":\"search_term_string\"}}],\"inLanguage\":\"en-US\"},{\"@type\":\"Organization\",\"@id\":\"https:\/\/www.pediatriesocialegatineau.com\/en\/#organization\",\"name\":\"Centre de p\u00e9diatrie sociale de Gatineau\",\"url\":\"https:\/\/www.pediatriesocialegatineau.com\/en\/\",\"logo\":{\"@type\":\"ImageObject\",\"inLanguage\":\"en-US\",\"@id\":\"https:\/\/www.pediatriesocialegatineau.com\/en\/#\/schema\/logo\/image\/\",\"url\":\"https:\/\/www.pediatriesocialegatineau.com\/wp-content\/uploads\/2023\/09\/logo.svg\",\"contentUrl\":\"https:\/\/www.pediatriesocialegatineau.com\/wp-content\/uploads\/2023\/09\/logo.svg\",\"caption\":\"Centre de p\u00e9diatrie sociale de Gatineau\"},\"image\":{\"@id\":\"https:\/\/www.pediatriesocialegatineau.com\/en\/#\/schema\/logo\/image\/\"},\"sameAs\":[\"https:\/\/www.facebook.com\/cpsgat\/\",\"https:\/\/www.instagram.com\/cpsgat\/\"]}]}<\/script>\n<!-- \/ Yoast SEO plugin. -->","yoast_head_json":{"title":"Get involved | Centre de p\u00e9diatrie sociale de Gatineau","robots":{"index":"index","follow":"follow","max-snippet":"max-snippet:-1","max-image-preview":"max-image-preview:large","max-video-preview":"max-video-preview:-1"},"canonical":"https:\/\/www.pediatriesocialegatineau.com\/en\/get-involved\/","og_locale":"en_US","og_type":"article","og_title":"Get involved | Centre de p\u00e9diatrie sociale de Gatineau","og_description":"&#8220;I am touched on a daily basis by the success and development achieved by the children who frequent our two homes. Donations provide kids with the support and resources they need so they can dream big, while opening wide the doors for the next generation.&#8221; Caroline Masse,Executive director Create your own fundraising campaign or event. [&hellip;]","og_url":"https:\/\/www.pediatriesocialegatineau.com\/en\/get-involved\/","og_site_name":"Centre de p\u00e9diatrie sociale de Gatineau","article_publisher":"https:\/\/www.facebook.com\/cpsgat\/","article_modified_time":"2023-10-30T17:53:21+00:00","og_image":[{"url":"https:\/\/www.pediatriesocialegatineau.com\/wp-content\/uploads\/2023\/10\/portrait-children-smile-summer-holiday-weekend-playing-together-friends-view-1024x574.jpg","type":"","width":"","height":""}],"twitter_card":"summary_large_image","twitter_misc":{"Est. reading time":"4 minutes"},"schema":{"@context":"https:\/\/schema.org","@graph":[{"@type":"WebPage","@id":"https:\/\/www.pediatriesocialegatineau.com\/en\/get-involved\/","url":"https:\/\/www.pediatriesocialegatineau.com\/en\/get-involved\/","name":"Get involved | Centre de p\u00e9diatrie sociale de Gatineau","isPartOf":{"@id":"https:\/\/www.pediatriesocialegatineau.com\/en\/#website"},"primaryImageOfPage":{"@id":"https:\/\/www.pediatriesocialegatineau.com\/en\/get-involved\/#primaryimage"},"image":{"@id":"https:\/\/www.pediatriesocialegatineau.com\/en\/get-involved\/#primaryimage"},"thumbnailUrl":"https:\/\/www.pediatriesocialegatineau.com\/wp-content\/uploads\/2023\/10\/portrait-children-smile-summer-holiday-weekend-playing-together-friends-view-1024x574.jpg","datePublished":"2023-09-11T15:19:28+00:00","dateModified":"2023-10-30T17:53:21+00:00","breadcrumb":{"@id":"https:\/\/www.pediatriesocialegatineau.com\/en\/get-involved\/#breadcrumb"},"inLanguage":"en-US","potentialAction":[{"@type":"ReadAction","target":["https:\/\/www.pediatriesocialegatineau.com\/en\/get-involved\/"]}]},{"@type":"ImageObject","inLanguage":"en-US","@id":"https:\/\/www.pediatriesocialegatineau.com\/en\/get-involved\/#primaryimage","url":"https:\/\/www.pediatriesocialegatineau.com\/wp-content\/uploads\/2023\/10\/portrait-children-smile-summer-holiday-weekend-playing-together-friends-view-1024x574.jpg","contentUrl":"https:\/\/www.pediatriesocialegatineau.com\/wp-content\/uploads\/2023\/10\/portrait-children-smile-summer-holiday-weekend-playing-together-friends-view-1024x574.jpg"},{"@type":"BreadcrumbList","@id":"https:\/\/www.pediatriesocialegatineau.com\/en\/get-involved\/#breadcrumb","itemListElement":[{"@type":"ListItem","position":1,"name":"Home","item":"https:\/\/www.pediatriesocialegatineau.com\/en\/homepage\/"},{"@type":"ListItem","position":2,"name":"Get involved"}]},{"@type":"WebSite","@id":"https:\/\/www.pediatriesocialegatineau.com\/en\/#website","url":"https:\/\/www.pediatriesocialegatineau.com\/en\/","name":"Centre de P\u00e9diatrie Sociale de Gatineau | CPSG","description":"","publisher":{"@id":"https:\/\/www.pediatriesocialegatineau.com\/en\/#organization"},"potentialAction":[{"@type":"SearchAction","target":{"@type":"EntryPoint","urlTemplate":"https:\/\/www.pediatriesocialegatineau.com\/en\/?s={search_term_string}"},"query-input":{"@type":"PropertyValueSpecification","valueRequired":true,"valueName":"search_term_string"}}],"inLanguage":"en-US"},{"@type":"Organization","@id":"https:\/\/www.pediatriesocialegatineau.com\/en\/#organization","name":"Centre de p\u00e9diatrie sociale de Gatineau","url":"https:\/\/www.pediatriesocialegatineau.com\/en\/","logo":{"@type":"ImageObject","inLanguage":"en-US","@id":"https:\/\/www.pediatriesocialegatineau.com\/en\/#\/schema\/logo\/image\/","url":"https:\/\/www.pediatriesocialegatineau.com\/wp-content\/uploads\/2023\/09\/logo.svg","contentUrl":"https:\/\/www.pediatriesocialegatineau.com\/wp-content\/uploads\/2023\/09\/logo.svg","caption":"Centre de p\u00e9diatrie sociale de Gatineau"},"image":{"@id":"https:\/\/www.pediatriesocialegatineau.com\/en\/#\/schema\/logo\/image\/"},"sameAs":["https:\/\/www.facebook.com\/cpsgat\/","https:\/\/www.instagram.com\/cpsgat\/"]}]}},"featured_image_src":null,"featured_image_src_square":null,"_links":{"self":[{"href":"https:\/\/www.pediatriesocialegatineau.com\/en\/wp-json\/wp\/v2\/pages\/461","targetHints":{"allow":["GET"]}}],"collection":[{"href":"https:\/\/www.pediatriesocialegatineau.com\/en\/wp-json\/wp\/v2\/pages"}],"about":[{"href":"https:\/\/www.pediatriesocialegatineau.com\/en\/wp-json\/wp\/v2\/types\/page"}],"author":[{"embeddable":true,"href":"https:\/\/www.pediatriesocialegatineau.com\/en\/wp-json\/wp\/v2\/users\/6"}],"replies":[{"embeddable":true,"href":"https:\/\/www.pediatriesocialegatineau.com\/en\/wp-json\/wp\/v2\/comments?post=461"}],"version-history":[{"count":34,"href":"https:\/\/www.pediatriesocialegatineau.com\/en\/wp-json\/wp\/v2\/pages\/461\/revisions"}],"predecessor-version":[{"id":870,"href":"https:\/\/www.pediatriesocialegatineau.com\/en\/wp-json\/wp\/v2\/pages\/461\/revisions\/870"}],"wp:attachment":[{"href":"https:\/\/www.pediatriesocialegatineau.com\/en\/wp-json\/wp\/v2\/media?parent=461"}],"curies":[{"name":"wp","href":"https:\/\/api.w.org\/{rel}","templated":true}]}}